{"id":1385,"date":"2025-08-14T09:44:17","date_gmt":"2025-08-14T07:44:17","guid":{"rendered":"https:\/\/basellodging.ch\/impressum\/"},"modified":"2026-04-20T10:55:16","modified_gmt":"2026-04-20T08:55:16","slug":"impressum","status":"publish","type":"page","link":"https:\/\/basellodging.ch\/de\/impressum\/","title":{"rendered":"Impressum"},"content":{"rendered":"\r\n<section style=\"background-color: #031f39\"  class=\"hero-banner-type-1 section-support-align bg-primary text-white py-8 sm:py-12 lg:py-16 flex items-center\">\r\n    <div class=\"w-full max-w-6xl mx-auto px-4 sm:px-6 lg:px-8 text-left\">\r\n        <h1 class=\"text-3xl sm:text-4xl lg:text-5xl font-bold mb-4 sm:mb-6\"> Impressum<\/h1>\r\n        <p class=\"text-base sm:text-lg lg:text-xl mb-4 sm:mb-6 opacity-90\"> <\/p>\r\n    <\/div>\r\n<\/section>\r\n\r\n<section\r\n        class=\"section-text-image-block section-support-align py-8 sm:py-12 lg:py-16 bg-gray-50 \">\r\n    <div class=\"max-w-6xl mx-auto px-4 sm:px-6 lg:px-8\">\r\n        <div class=\" grid grid-cols-1\">\r\n            <div class=\"space-y-8\">\r\n                <div class=\"bg-white p-8 rounded-lg shadow-lg\">\r\n                    \r\n                    <div class=\"mb-6 custom-content\">\r\n                        <p class=\"text-base text-gray-600 leading-relaxed\">BASELLODGING ist Teil der SWISSLODGING AG. Seit 2006 sind wir in der Immobilienbranche und im Bereich der innovativen Wohnkonzepte t\u00e4tig. <\/p>\n<p class=\"text-base text-gray-600 leading-relaxed\">&nbsp;<\/p>\n<h2 class=\"text-2xl font-semibold\">Kontakt<\/h2>\n<p class=\"text-base text-gray-600 leading-relaxed\">SWISSLODGING AG<br \/>\nPeter Merian-Strasse 54<br \/>\n4052 Basel<\/p>\n<p class=\"text-base text-gray-600 leading-relaxed\"><!-- \/wp:paragraph --><!-- wp:paragraph -->info@swisslodging.ch<br \/>\n+41 61 263 05 05<\/p>\n<p class=\"text-base text-gray-600 leading-relaxed\"><!-- \/wp:paragraph --><\/p>\n<p class=\"text-base text-gray-600 leading-relaxed\">&nbsp;<\/p>\n<p class=\"text-base text-gray-600 leading-relaxed\"><!-- wp:heading --><\/p>\n<h2 class=\"text-2xl font-semibold\">Bevollm\u00e4chtigte Vertreter<\/h2>\n<p class=\"text-base text-gray-600 leading-relaxed\">&nbsp;<\/p>\n<p class=\"text-base text-gray-600 leading-relaxed\"><!-- \/wp:heading --><!-- wp:paragraph -->Hans-Georg Bell<br \/>\nSusanne Andreetti-Krayer<\/p>\n<p class=\"text-base text-gray-600 leading-relaxed\"><!-- \/wp:paragraph --><\/p>\n<p class=\"text-base text-gray-600 leading-relaxed\">&nbsp;<\/p>\n<p class=\"text-base text-gray-600 leading-relaxed\"><!-- wp:heading --><\/p>\n<h2 class=\"text-2xl font-semibold\">Registrierung des Unternehmens<\/h2>\n<p class=\"text-base text-gray-600 leading-relaxed\">&nbsp;<\/p>\n<p class=\"text-base text-gray-600 leading-relaxed\"><!-- \/wp:heading --><!-- wp:paragraph -->CH-270.4.014.340-0<\/p>\n<p class=\"text-base text-gray-600 leading-relaxed\"><!-- \/wp:paragraph --><\/p>\n<p class=\"text-base text-gray-600 leading-relaxed\">&nbsp;<\/p>\n<p class=\"text-base text-gray-600 leading-relaxed\"><!-- wp:heading --><\/p>\n<h2 class=\"text-2xl font-semibold\">MwSt.-Nummer<\/h2>\n<p class=\"text-base text-gray-600 leading-relaxed\">&nbsp;<\/p>\n<p class=\"text-base text-gray-600 leading-relaxed\"><!-- \/wp:heading --><!-- wp:paragraph -->CHE-112.482.037<\/p>\n<p class=\"text-base text-gray-600 leading-relaxed\"><!-- \/wp:paragraph --><\/p>\n<p class=\"text-base text-gray-600 leading-relaxed\">&nbsp;<\/p>\n<p class=\"text-base text-gray-600 leading-relaxed\"><!-- wp:heading --><\/p>\n<h2 class=\"text-2xl font-semibold\">Haftungsausschluss<\/h2>\n<p class=\"text-base text-gray-600 leading-relaxed\">&nbsp;<\/p>\n<p class=\"text-base text-gray-600 leading-relaxed\">Die Betreiber \u00fcbernehmen keinerlei Gew\u00e4hr f\u00fcr die Richtigkeit, Genauigkeit, Aktualit\u00e4t, Zuverl\u00e4ssigkeit oder Vollst\u00e4ndigkeit der bereitgestellten Informationen.<\/p>\n<p class=\"text-base text-gray-600 leading-relaxed\">Haftungsanspr\u00fcche gegen die Betreiber wegen Sch\u00e4den materieller oder immaterieller Art, welche aus dem Zugriff oder der Nutzung bzw. Nichtnutzung der ver\u00f6ffentlichten Informationen, durch Missbrauch der Verbindung oder durch technische St\u00f6rungen entstanden sind, werden ausgeschlossen.<\/p>\n<p class=\"text-base text-gray-600 leading-relaxed\">Alle Angebote sind freibleibend und unverbindlich. Die Betreiber behalten es sich ausdr\u00fccklich vor, Teile der Seiten oder das gesamte Angebot ohne gesonderte Ank\u00fcndigung zu ver\u00e4ndern, zu erg\u00e4nzen, zu l\u00f6schen oder die Ver\u00f6ffentlichung zeitweise oder endg\u00fcltig einzustellen. <\/p>\n<p class=\"text-base text-gray-600 leading-relaxed\"><!-- \/wp:paragraph --><\/p>\n<p class=\"text-base text-gray-600 leading-relaxed\">&nbsp;<\/p>\n<p class=\"text-base text-gray-600 leading-relaxed\"><!-- wp:heading --><\/p>\n<h2 class=\"text-2xl font-semibold\">Haftungsausschluss f\u00fcr Links<\/h2>\n<p class=\"text-base text-gray-600 leading-relaxed\">&nbsp;<\/p>\n<p class=\"text-base text-gray-600 leading-relaxed\">Verweise und Links zu Websites Dritter liegen au\u00dferhalb unseres Verantwortungsbereichs. Wir \u00fcbernehmen keine Verantwortung f\u00fcr solche Websites. Der Zugriff auf und die Nutzung von solchen Websites erfolgt auf eigenes Risiko des Nutzers.  <\/p>\n<p class=\"text-base text-gray-600 leading-relaxed\"><!-- \/wp:paragraph --><\/p>\n<p class=\"text-base text-gray-600 leading-relaxed\">&nbsp;<\/p>\n<p class=\"text-base text-gray-600 leading-relaxed\"><!-- wp:heading --><\/p>\n<h2 class=\"text-2xl font-semibold\">Urheberrechte<\/h2>\n<p class=\"text-base text-gray-600 leading-relaxed\">&nbsp;<\/p>\n<p class=\"text-base text-gray-600 leading-relaxed\">Das Copyright und alle anderen Rechte an Inhalten, Bildern, Fotos oder anderen Dateien auf dieser Website geh\u00f6ren ausschliesslich der juristischen Person SWISSLODGING AG oder den namentlich genannten Rechteinhabern. F\u00fcr die Reproduktion jeglicher Elemente muss im Voraus die schriftliche Zustimmung des Rechteinhabers eingeholt werden. <\/p>\n<p class=\"text-base text-gray-600 leading-relaxed\">Wir verwenden auch frei verf\u00fcgbare Bilder von den folgenden Plattformen: Unsplash, etc. Die Fotografen werden in den Metadaten genannt, die Sie lesen k\u00f6nnen. Auf Anfrage erteilen wir auch gerne Auskunft unter der oben genannten E-Mail-Adresse.  <\/p>\n<p class=\"text-base text-gray-600 leading-relaxed\"><!-- \/wp:paragraph --><\/p>\n<p class=\"text-base text-gray-600 leading-relaxed\">&nbsp;<\/p>\n<p class=\"text-base text-gray-600 leading-relaxed\"><!-- wp:heading --><\/p>\n<h2 class=\"text-2xl font-semibold\">Erstellung und Pflege von Websites<\/h2>\n<p class=\"text-base text-gray-600 leading-relaxed\">&nbsp;<\/p>\n<p class=\"text-base text-gray-600 leading-relaxed\">Mit Liebe gemacht von <a href=\"https:\/\/focusd.ch\">focusd.ch<\/a>.<\/p>\n                    <\/div>\r\n\r\n                    <div class=\"flex justify-center flex-col sm:flex-row gap-3 sm:gap-4 text-center\">\r\n\r\n                        \r\n                    <\/div>\r\n                <\/div>\r\n            <\/div>\r\n        <\/div>\r\n    <\/div>\r\n<\/section>\r\n","protected":false},"excerpt":{"rendered":"","protected":false},"author":2,"featured_media":0,"parent":0,"menu_order":0,"comment_status":"closed","ping_status":"closed","template":"","meta":{"_acf_changed":false,"footnotes":""},"class_list":["post-1385","page","type-page","status-publish","hentry"],"acf":[],"_links":{"self":[{"href":"https:\/\/basellodging.ch\/de\/wp-json\/wp\/v2\/pages\/1385","targetHints":{"allow":["GET"]}}],"collection":[{"href":"https:\/\/basellodging.ch\/de\/wp-json\/wp\/v2\/pages"}],"about":[{"href":"https:\/\/basellodging.ch\/de\/wp-json\/wp\/v2\/types\/page"}],"author":[{"embeddable":true,"href":"https:\/\/basellodging.ch\/de\/wp-json\/wp\/v2\/users\/2"}],"replies":[{"embeddable":true,"href":"https:\/\/basellodging.ch\/de\/wp-json\/wp\/v2\/comments?post=1385"}],"version-history":[{"count":5,"href":"https:\/\/basellodging.ch\/de\/wp-json\/wp\/v2\/pages\/1385\/revisions"}],"predecessor-version":[{"id":3163,"href":"https:\/\/basellodging.ch\/de\/wp-json\/wp\/v2\/pages\/1385\/revisions\/3163"}],"wp:attachment":[{"href":"https:\/\/basellodging.ch\/de\/wp-json\/wp\/v2\/media?parent=1385"}],"curies":[{"name":"wp","href":"https:\/\/api.w.org\/{rel}","templated":true}]}}